{"id":251,"date":"2019-05-23T15:15:03","date_gmt":"2019-05-23T13:15:03","guid":{"rendered":"https:\/\/webetu.iutnc.univ-lorraine.fr\/~muller514u\/wordpress\/?page_id=251"},"modified":"2026-04-20T16:40:35","modified_gmt":"2026-04-20T14:40:35","slug":"plat-du-jour","status":"publish","type":"page","link":"http:\/\/www.boucherie-jacquot.fr\/index.php\/plat-du-jour\/","title":{"rendered":"Plat du jour"},"content":{"rendered":"\t\t<div data-elementor-type=\"wp-post\" data-elementor-id=\"251\" class=\"elementor elementor-251\" data-elementor-settings=\"[]\">\n\t\t\t\t\t\t<div class=\"elementor-inner\">\n\t\t\t\t\t\t\t<div class=\"elementor-section-wrap\">\n\t\t\t\t\t\t\t<section class=\"elementor-section elementor-top-section elementor-element elementor-element-6e074e2 elementor-section-boxed elementor-section-height-default elementor-section-height-default\" data-id=\"6e074e2\" data-element_type=\"section\">\n\t\t\t\t\t\t<div class=\"elementor-container elementor-column-gap-default\">\n\t\t\t\t\t\t\t<div class=\"elementor-row\">\n\t\t\t\t\t<div class=\"elementor-column elementor-col-100 elementor-top-column elementor-element elementor-element-bb451db\" data-id=\"bb451db\" data-element_type=\"column\">\n\t\t\t<div class=\"elementor-column-wrap elementor-element-populated\">\n\t\t\t\t\t\t\t<div class=\"elementor-widget-wrap\">\n\t\t\t\t\t\t<div class=\"elementor-element elementor-element-2f9cb19 elementor-widget elementor-widget-text-editor\" data-id=\"2f9cb19\" data-element_type=\"widget\" data-widget_type=\"text-editor.default\">\n\t\t\t\t<div class=\"elementor-widget-container\">\n\t\t\t\t\t\t\t\t<div class=\"elementor-text-editor elementor-clearfix\">\n\t\t\t\t\t<h1 style=\"text-align: center;\">Plat du jour de la semaine<\/h1>\n<h1 style=\"text-align: center;\">Du 27\/04\/2026 au 02\/05\/2026<\/h1>\n<h1 style=\"text-align: center;\">7 \u20ac emporter&nbsp;<\/h1>\n<h1 style=\"text-align: center;\">LUNDI&nbsp;<\/h1>\n<h1 style=\"text-align: center;\">Magret de canard cuisin\u00e9<\/h1>\n<h1 style=\"text-align: center;\">au vin rouge<\/h1>\n<h1 style=\"text-align: center;\">Navet sal\u00e9 <br><\/h1>\n<h1 style=\"text-align: center;\">MARDI<\/h1>\n<h1 style=\"text-align: center;\">Fricass\u00e9e de volaille<\/h1>\n<h1 style=\"text-align: center;\">Riz au champignons <br><\/h1>\n<h1 style=\"text-align: center;\">MERCREDI<\/h1>\n<h1 style=\"text-align: center;\">Lasagne au four <br><\/h1>\n<h1 style=\"text-align: center;\">JEUDI&nbsp;<\/h1>\n<h1 style=\"text-align: center;\">Filet de colin sauce curcuma<\/h1>\n<h1 style=\"text-align: center;\">Pur\u00e9e de pomme de terre <br><\/h1>\n<h1 style=\"text-align: center;\">VENDREDI<\/h1>\n<h1 style=\"text-align: center;\">FERIE 1 MAI <br><\/h1>\n<h1 style=\"text-align: center;\">SAMEDI<\/h1>\n<h1 style=\"text-align: center;\">Steak hach\u00e9 frite \u0153uf mollet <br><\/h1>\n<h1 style=\"text-align: center;\">BON APPETIT<\/h1>\n<p><i>&nbsp; <\/i><\/p>\n<p><\/p>\n<p><b>&nbsp;<\/b><\/p>\t\t\t\t\t<\/div>\n\t\t\t\t\t\t<\/div>\n\t\t\t\t<\/div>\n\t\t\t\t\t\t<\/div>\n\t\t\t\t\t<\/div>\n\t\t<\/div>\n\t\t\t\t\t\t\t\t<\/div>\n\t\t\t\t\t<\/div>\n\t\t<\/section>\n\t\t\t\t\t\t<\/div>\n\t\t\t\t\t\t<\/div>\n\t\t\t\t\t<\/div>\n\t\t","protected":false},"excerpt":{"rendered":"<p>Plat du jour de la semaine Du 27\/04\/2026 au 02\/05\/2026 7 \u20ac emporter&nbsp; LUNDI&nbsp; Magret de canard cuisin\u00e9 au vin rouge Navet sal\u00e9 MARDI Fricass\u00e9e de volaille Riz au champignons MERCREDI Lasagne au four JEUDI&nbsp; Filet de colin sauce curcuma Pur\u00e9e de pomme de terre VENDREDI FERIE 1 MAI SAMEDI Steak hach\u00e9 frite \u0153uf mollet [&hellip;]<\/p>\n","protected":false},"author":1,"featured_media":0,"parent":0,"menu_order":0,"comment_status":"closed","ping_status":"closed","template":"","meta":{"footnotes":""},"class_list":["post-251","page","type-page","status-publish","hentry"],"_links":{"self":[{"href":"http:\/\/www.boucherie-jacquot.fr\/index.php\/wp-json\/wp\/v2\/pages\/251","targetHints":{"allow":["GET"]}}],"collection":[{"href":"http:\/\/www.boucherie-jacquot.fr\/index.php\/wp-json\/wp\/v2\/pages"}],"about":[{"href":"http:\/\/www.boucherie-jacquot.fr\/index.php\/wp-json\/wp\/v2\/types\/page"}],"author":[{"embeddable":true,"href":"http:\/\/www.boucherie-jacquot.fr\/index.php\/wp-json\/wp\/v2\/users\/1"}],"replies":[{"embeddable":true,"href":"http:\/\/www.boucherie-jacquot.fr\/index.php\/wp-json\/wp\/v2\/comments?post=251"}],"version-history":[{"count":566,"href":"http:\/\/www.boucherie-jacquot.fr\/index.php\/wp-json\/wp\/v2\/pages\/251\/revisions"}],"predecessor-version":[{"id":2531,"href":"http:\/\/www.boucherie-jacquot.fr\/index.php\/wp-json\/wp\/v2\/pages\/251\/revisions\/2531"}],"wp:attachment":[{"href":"http:\/\/www.boucherie-jacquot.fr\/index.php\/wp-json\/wp\/v2\/media?parent=251"}],"curies":[{"name":"wp","href":"https:\/\/api.w.org\/{rel}","templated":true}]}}